{"id":658,"date":"2024-01-06T15:37:52","date_gmt":"2024-01-06T15:37:52","guid":{"rendered":"http:\/\/www.tarumba.com\/?page_id=658"},"modified":"2024-01-30T09:40:39","modified_gmt":"2024-01-30T09:40:39","slug":"658-2","status":"publish","type":"page","link":"https:\/\/www.tarumba.com\/","title":{"rendered":""},"content":{"rendered":"\n<h2 class=\"wp-block-heading\">Agenda y \u00faltimas noticias<\/h2>\n\n\n<ul class=\"wp-block-latest-posts__list has-dates wp-block-latest-posts\"><li><a class=\"wp-block-latest-posts__post-title\" href=\"https:\/\/www.tarumba.com\/?p=1160\">Reconocimiento a la autor\u00eda: Jos\u00e9 Antonio Mart\u00ednez, premiado en M\u00e9rida en Escena 2026<\/a><time datetime=\"2026-03-31T08:08:01+00:00\" class=\"wp-block-latest-posts__post-date\">31 marzo, 2026<\/time><\/li>\n<li><a class=\"wp-block-latest-posts__post-title\" href=\"https:\/\/www.tarumba.com\/?p=1132\">\ud83c\udfad Destellos en la oscuridad: nuestro estreno en el Gran Teatre d\u2019Alzira<\/a><time datetime=\"2026-02-05T20:41:08+00:00\" class=\"wp-block-latest-posts__post-date\">5 febrero, 2026<\/time><\/li>\n<li><a class=\"wp-block-latest-posts__post-title\" href=\"https:\/\/www.tarumba.com\/?p=1066\">4 nuevos PREMIOS para Hamlet en el certamen de Albuixech<\/a><time datetime=\"2024-11-20T09:12:53+00:00\" class=\"wp-block-latest-posts__post-date\">20 noviembre, 2024<\/time><\/li>\n<li><a class=\"wp-block-latest-posts__post-title\" href=\"https:\/\/www.tarumba.com\/?p=1060\">Gran \u00c9xito de &#8220;Hamlet&#8221; en la 19\u00aa Edici\u00f3n de Escena Elda<\/a><time datetime=\"2024-10-28T08:09:31+00:00\" class=\"wp-block-latest-posts__post-date\">28 octubre, 2024<\/time><\/li>\n<li><a class=\"wp-block-latest-posts__post-title\" href=\"https:\/\/www.tarumba.com\/?p=1055\">\u00a1&#8221;Hamlet&#8221; seleccionada para la XIX Muestra de Teatro Amateur Escena Elda!<\/a><time datetime=\"2024-09-18T14:30:57+00:00\" class=\"wp-block-latest-posts__post-date\">18 septiembre, 2024<\/time><\/li>\n<\/ul>\n\n\n<h1 class=\"wp-block-heading\">Pr\u00f3ximas Actuaciones<\/h1>\n\n\n<br><div data-tockify-calendar=\"tarumba.teatre\" data-tockify-component=\"calendar\"><\/div><script type='text\/javascript'>if (window._tkf && window._tkf.loadDeclaredCalendars) {window._tkf.loadDeclaredCalendars();}<\/script>\n\n\n\n<h2 class=\"wp-block-heading\">Sobre nosotros<\/h2>\n\n\n\n<p style=\"text-align:left\"><strong>La Tarumba<\/strong> nace en el Instituto <em>Rey Don Jaime<\/em> en el curso 1<em>981-1982<\/em> como grupo escolar. En 1985 se constituye el grupo <strong>Tarumba Teatre <\/strong>con ex alumnos del centro, a los que se les ir\u00e1n uniendo j\u00f3venes de Alzira. Con <em>El Rei i el drac<\/em> ganan la fase auton\u00f3mica de los <em>Encuentros de Teatro Joven de la Comunidad Valenciana<\/em> y representan a la C.V. en los <em>Encuentros Nacionales de M\u00e9rida<\/em>. Dos de sus montajes m\u00e1s emblem\u00e1ticos fueron <em>Plautus Mix<\/em> y <em>Gen(t)s diferents.<\/em><br>A finales de los a\u00f1os ochenta se cre\u00f3 la <strong>Asociaci\u00f3n Cultural La Tarumba<\/strong>, entidad jur\u00eddica sin \u00e1nimo de lucro. Sus actividades fueron creciendo: gesti\u00f3n teatral, organizaci\u00f3n de cursos y seminarios en los <em>Encontres de Teatre de Alzira<\/em>, edici\u00f3n de libros, formaci\u00f3n actoral, formaci\u00f3n del alumnado y del profesorado, organizaci\u00f3n de jornadas pedag\u00f3gico-teatrales\u2026<\/p>\n\n\n\n<p><br>Como asociaci\u00f3n cultural, organiz\u00f3 en Alzira la <em>1\u00aa Asamblea de la Federaci\u00f3 de Teatre Amateur de la Comunitat Valenciana <\/em>en diciembre de 1988. En 1990, para dar salida a los actores formados en la asociaci\u00f3n que deciden emprender el camino profesional, se crea, primero dentro de <strong>La Tarumba<\/strong> y posteriormente como compa\u00f1\u00eda independiente, <strong>La CLAT<\/strong>. Su montaje m\u00e1s emblem\u00e1tico fue <em>Hau!<\/em>, creaci\u00f3n colectiva de los actores y su director, Carles Alberola.<br>En 1996 se crea, dentro de la Asociaci\u00f3n, el grupo <strong>Suc de Teatre<\/strong> con j\u00f3venes entre 15 y 17 a\u00f1os. Su primer espect\u00e1culo fue <em>Estem fins als ous ous!!<\/em> Represent\u00f3 a la Federaci\u00f3n de Teatro Amateur Valenciana en el <em>Festival Nacional de C\u00e1ceres<\/em> (2001).<\/p>\n\n\n\n<p><br><strong>Suc de Teatre<\/strong> ha estrenado desde entonces 14 espect\u00e1culos. A excepci\u00f3n del \u00faltimo, <em>Hamlet<\/em>, surgidos todos a partir de obras de Jos\u00e9 Antonio Mart\u00ednez, dirigidas por \u00e9l mismo, salvo dos de ellas, cuyo direcci\u00f3n ha corrido a cargo de Jordi Verd\u00fa. Ha realizado alrededor de 200 representaciones y obtenido m\u00e1s de 70 premios de conjunto e individuales.<br>En el a\u00f1o 2015 nace en el seno de <strong>La Tarumba<\/strong>, el grupo <strong>Volem Teatre<\/strong>, impulsado por Jos\u00e9 Rubio. Desde entonces ha estrenado <em>Loter\u00eda<\/em>, del argentino Hugo Daniel Marcos, <em>Sopar de festa<\/em>, <em>La Tasca del Sifoner<\/em> y <em>Ve\u00efns<\/em>, originales de Jos\u00e9 Rubio y dirigidas todas por \u00e9l.<\/p>\n\n\n\n<p><br>El tercer colectivo que integra en la actualidad la <strong>Asociaci\u00f3n Cultural La Tarumba<\/strong> es la <strong>Escola de Teatre Tarumba Jove<\/strong>, creada en 2016 por Jos\u00e9 Antonio Mart\u00ednez y patrocinada por la Concejal\u00eda de Educaci\u00f3n del Ayuntamiento de Alzira. Est\u00e1 integrada por dos grupos, de iniciaci\u00f3n y de profundizaci\u00f3n. Este \u00faltimo ha estrenado ya cinco espect\u00e1culos, cuatro de ellos premiados en la fase auton\u00f3mica de los <em>Premios Buero de Teatro Joven<\/em>.<br>Adem\u00e1s, <strong>La Tarumba<\/strong> organiza desde hace ya muchos a\u00f1os <strong>talleres de teatro para adultos<\/strong>. En la actualidad hay dos, uno de iniciaci\u00f3n actoral y otro de profundizaci\u00f3n. Al finalizar cada curso, se realizan muestras del trabajo desarrollado.<br><\/p>\n\n\n\n<p><em>Premios importantes obtenidos:<\/em><\/p>\n\n\n\n<blockquote class=\"wp-block-quote is-layout-flow wp-block-quote-is-layout-flow\"><p><em><strong>Premio Tablas 1999 y 2008<\/strong><\/em>, otorgados por la Federaci\u00f3n de Teatro Amateur de la Comunidad Valenciana.<\/p><p><em><strong>Premio Micalet de las Artes Esc\u00e9nicas 2000<\/strong><\/em>, otorgado por laGeneralitat Valenciana.<\/p><p><strong><em>Insignia de Oro de la ciudad de Alzira 2022<\/em><\/strong>, concedido por unanimidad de la Corporaci\u00f3n del Ayuntamiento de Alzira.<\/p><\/blockquote>\n\n\n\n<figure class=\"wp-block-embed-youtube wp-block-embed is-type-video is-provider-youtube wp-embed-aspect-16-9 wp-has-aspect-ratio\"><div class=\"wp-block-embed__wrapper\">\n<iframe loading=\"lazy\" title=\"2024\/01\/18- Prop de Tu - Entrevista: Jos\u00e9 Antonio Mart\u00ednez.  Director de Suc de Teatre - La Tarumba\" width=\"800\" height=\"450\" src=\"https:\/\/www.youtube.com\/embed\/6pIlOpndk08?feature=oembed\" frameborder=\"0\" allow=\"accelerometer; autoplay; clipboard-write; encrypted-media; gyroscope; picture-in-picture; web-share\" allowfullscreen><\/iframe>\n<\/div><figcaption>Entrevista del director de Suc de Teatre &#8211; La Tarumba sobre Hamlet<\/figcaption><\/figure>\n\n\n\n<h2 class=\"wp-block-heading\">Contacto<\/h2>\n\n\n<p style=\"text-align: center;\"><em>C\/ Jes\u00fas \u00c1lvarez, 59 &#8211; 46600 Alzira (Valencia)<\/em><br>tarumbateatre@hotmail.com<br><strong><em>Jos\u00e9 Antonio Mart\u00ednez:<\/em><\/strong> joseantonio@tarumba.com<\/p>\n<p style=\"text-align: center;\"><a href=\"https:\/\/www.facebook.com\/latarumba.teatre\"><img loading=\"lazy\" decoding=\"async\" class=\"alignnone  wp-image-677\" src=\"http:\/\/www.tarumba.com\/wp-content\/uploads\/2024\/01\/facebook-300x300.png\" alt=\"\" width=\"67\" height=\"67\" srcset=\"https:\/\/www.tarumba.com\/wp-content\/uploads\/2024\/01\/facebook-300x300.png 300w, https:\/\/www.tarumba.com\/wp-content\/uploads\/2024\/01\/facebook-150x150.png 150w, https:\/\/www.tarumba.com\/wp-content\/uploads\/2024\/01\/facebook.png 512w\" sizes=\"auto, (max-width: 67px) 100vw, 67px\" \/><\/a> &nbsp; &nbsp; &nbsp; &nbsp; &nbsp; &nbsp; <a href=\"https:\/\/www.instagram.com\/la_tarumba_teatre\/\"><img loading=\"lazy\" decoding=\"async\" class=\"alignnone  wp-image-676\" src=\"http:\/\/www.tarumba.com\/wp-content\/uploads\/2024\/01\/instagram-300x300.png\" alt=\"\" width=\"66\" height=\"66\" srcset=\"https:\/\/www.tarumba.com\/wp-content\/uploads\/2024\/01\/instagram-300x300.png 300w, https:\/\/www.tarumba.com\/wp-content\/uploads\/2024\/01\/instagram-150x150.png 150w, https:\/\/www.tarumba.com\/wp-content\/uploads\/2024\/01\/instagram.png 512w\" sizes=\"auto, (max-width: 66px) 100vw, 66px\" \/><\/a><\/p>\n<p><\/p>","protected":false},"excerpt":{"rendered":"<p>Agenda y \u00faltimas noticias Pr\u00f3ximas Actuaciones Sobre nosotros La Tarumba nace en el Instituto Rey Don Jaime en el curso 1981-1982 como grupo escolar. En 1985 se constituye el grupo <a class=\"more-link\" href=\"https:\/\/www.tarumba.com\/\">Seguir leyendo &rarr;<\/a><\/p>\n","protected":false},"author":4,"featured_media":0,"parent":0,"menu_order":0,"comment_status":"closed","ping_status":"closed","template":"","meta":{"footnotes":""},"class_list":["post-658","page","type-page","status-publish","hentry"],"_links":{"self":[{"href":"https:\/\/www.tarumba.com\/index.php?rest_route=\/wp\/v2\/pages\/658","targetHints":{"allow":["GET"]}}],"collection":[{"href":"https:\/\/www.tarumba.com\/index.php?rest_route=\/wp\/v2\/pages"}],"about":[{"href":"https:\/\/www.tarumba.com\/index.php?rest_route=\/wp\/v2\/types\/page"}],"author":[{"embeddable":true,"href":"https:\/\/www.tarumba.com\/index.php?rest_route=\/wp\/v2\/users\/4"}],"replies":[{"embeddable":true,"href":"https:\/\/www.tarumba.com\/index.php?rest_route=%2Fwp%2Fv2%2Fcomments&post=658"}],"version-history":[{"count":35,"href":"https:\/\/www.tarumba.com\/index.php?rest_route=\/wp\/v2\/pages\/658\/revisions"}],"predecessor-version":[{"id":820,"href":"https:\/\/www.tarumba.com\/index.php?rest_route=\/wp\/v2\/pages\/658\/revisions\/820"}],"wp:attachment":[{"href":"https:\/\/www.tarumba.com\/index.php?rest_route=%2Fwp%2Fv2%2Fmedia&parent=658"}],"curies":[{"name":"wp","href":"https:\/\/api.w.org\/{rel}","templated":true}]}}